{"id":8980,"date":"2017-02-02T08:36:58","date_gmt":"2017-02-02T08:36:58","guid":{"rendered":"http:\/\/serwer1311746.home.pl\/autoinstalator\/wordpress\/?page_id=8980"},"modified":"2026-04-25T15:36:49","modified_gmt":"2026-04-25T15:36:49","slug":"foto-wydarzenia","status":"publish","type":"page","link":"https:\/\/lodzierz.pl\/?page_id=8980","title":{"rendered":"Foto wydarzenia"},"content":{"rendered":"<p>&#8212;&#8212;&#8212;&#8212;&#8212;&#8212;&#8212;&#8212;&#8212;&#8212;&#8212;&#8212;&#8212;&#8212;&#8212;&#8212;&#8212;&#8212;&#8212;&#8212;&#8212;&#8212;&#8212;&#8212;&#8212;<\/p>\n<p>Archiwalne foto z \u017cycia szko\u0142y 2006-2009-<a href=\"http:\/\/www.fotosik.pl\/u\/lodzierz\/albumy\">foto archiwum<\/a><\/p>\n<p>&#8212;&#8212;&#8212;&#8212;&#8212;&#8212;&#8212;&#8212;&#8212;&#8212;&#8212;&#8212;&#8212;&#8212;&#8212;&#8212;&#8212;&#8212;&#8212;&#8212;&#8212;&#8212;&#8212;&#8212;&#8212;<\/p>\n<p>Po\u017cegnanie maturzyst\u00f3w 2026 <em>ngg_shortcode_0_placeholder<\/em><\/p>\n<p>Dni Otwartej Szko\u0142y 2026 <em>ngg_shortcode_1_placeholder<\/em><\/p>\n<p>\u015alubowanie i otrzesiny 2024- <em>ngg_shortcode_2_placeholder<\/em><\/p>\n<p><em>Powiatowy Dzie\u0144 Edukacji Narodowej w \u0141odzierzy ngg_shortcode_3_placeholder<\/em><\/p>\n<p>Praktyki na Malcie cz1 -2024&nbsp; <em>ngg_shortcode_4_placeholder<\/em><\/p>\n<p>Rozpocz\u0119cie roku szkolnego-2024 <em>ngg_shortcode_5_placeholder<\/em><\/p>\n<p>Zako\u0144czenie roku szkolnego-2024 <em>ngg_shortcode_6_placeholder<\/em><\/p>\n<p>Po\u017cegnanie absolwent\u00f3w-2024 <em>ngg_shortcode_7_placeholder<\/em><\/p>\n<p>Dzie\u0144 Otwartej Szko\u0142y-2024 <em>ngg_shortcode_8_placeholder<\/em><\/p>\n<p>Konkurs nakrywania do sto\u0142u-2024- <em>ngg_shortcode_9_placeholder<\/em><\/p>\n<p>Jase\u0142ka 2023 <em>ngg_shortcode_10_placeholder<\/em><\/p>\n<p>\u015awi\u0119to Odzyskania Niepodleg\u0142o\u015b\u0107i-2023 <em>ngg_shortcode_11_placeholder<\/em><\/p>\n<p>Dzie\u0144 Edukacji Narodowej-2023 <em>ngg_shortcode_12_placeholder<\/em><\/p>\n<p>Wizyta ks biskupa dr Zbigniewa Zieli\u0144skiego <em>ngg_shortcode_13_placeholder<\/em><\/p>\n<p>Rozpocz\u0119cie roku szkolnego <em>ngg_shortcode_14_placeholder<\/em><\/p>\n<p>Zako\u0144czenie roku szkolnego 2022\/23 <em>ngg_shortcode_15_placeholder<\/em><\/p>\n<p>\/dzie\u0144 Otwartej Szko\u0142y-2023 <em>ngg_shortcode_16_placeholder<\/em><\/p>\n<p>Sesja foto &#8211; <em>ngg_shortcode_17_placeholder<\/em><\/p>\n<p><em>Wizyta funkcjonariuszy ZK w \u0141odzierzy ngg_shortcode_18_placeholder<\/em><\/p>\n<p>Miko\u0142ajki 2022 <em>ngg_shortcode_19_placeholder<\/em><\/p>\n<p>Warsztaty z udzia\u0142em uczestnika MasterChefa 2022- <em>ngg_shortcode_20_placeholder<\/em><\/p>\n<p>Obchody \u015awi\u0119ta Odzyskania Niepodleglo\u015bci 2022 r. <em>ngg_shortcode_21_placeholder<\/em><\/p>\n<p>Mistrzostwa Powiatu Bytowskiego w tenisie sto\u0142owym-2022&nbsp; <em>ngg_shortcode_22_placeholder<\/em><\/p>\n<p>Mistrzostwa ZSP w \u0141odzierzy w tenisie sto\u0142owym-2022&nbsp; <em>ngg_shortcode_23_placeholder<\/em><\/p>\n<p>XX Konkurs Recytatorski Poezji i Prozy Karola Wojty\u0142y 2022-<em>ngg_shortcode_24_placeholder<\/em><\/p>\n<p>Dzie\u0144 Edukacji Narodowej 2022 <em>ngg_shortcode_25_placeholder<\/em><\/p>\n<p>\u015alubowanie i Otrz\u0119siny 2022-<em>ngg_shortcode_26_placeholder<\/em><\/p>\n<p>Grzybobranie 2022 <em>ngg_shortcode_27_placeholder<\/em><\/p>\n<p>Rozpocz\u0119cie roku szkolnego 2022\/23 <em>ngg_shortcode_28_placeholder<\/em><\/p>\n<p>Zako\u0144czenie roku szkolnego 2021\/22 <em>ngg_shortcode_29_placeholder<\/em><\/p>\n<p>Po\u017cegnanie maturzyst\u00f3w 2022- <em>ngg_shortcode_30_placeholder<\/em><\/p>\n<p>Dzie\u0144 Otwartej Szko\u0142y 2022- <em>ngg_shortcode_31_placeholder<\/em><\/p>\n<p>Wiosenny Turniej Pi\u0142ki No\u017cnej dla szk\u00f3\u0142 podstawowych <em>ngg_shortcode_32_placeholder<\/em><\/p>\n<p>Dzie\u0144 bez plecaka <em>ngg_shortcode_33_placeholder<\/em><\/p>\n<p>Rozpocz\u0119cie roku szkolnego 2021\/22 &nbsp;<em>ngg_shortcode_34_placeholder<\/em><\/p>\n<p>Zako\u0144czenie roku szkolnego 2020\/2021-&nbsp;<em>ngg_shortcode_35_placeholder<\/em><\/p>\n<p>Po\u017cegnanie maturzyst\u00f3w 2021 &nbsp;<em>ngg_shortcode_36_placeholder&nbsp;<\/em><\/p>\n<p>Jase\u0142ka 2019-&nbsp;<em>ngg_shortcode_37_placeholder<\/em><\/p>\n<p>XIX Konkurs Recytatorski Poezji i Prozy Karola Wojty\u0142y&nbsp;&nbsp;<em>ngg_shortcode_38_placeholder<\/em><\/p>\n<p>Dzie\u0144 Edukacji Narodowej 2019&nbsp;&nbsp;<em>ngg_shortcode_39_placeholder<\/em><\/p>\n<p>\u015alubowanie klas pierwszych 2019 r.-&nbsp;&nbsp;<em>ngg_shortcode_40_placeholder<\/em><\/p>\n<p>Uroczysto\u015b\u0107 rozpocz\u0119cia roku szkolnego 2019\/2020&nbsp;<em>ngg_shortcode_41_placeholder<\/em><\/p>\n<p>Zako\u0144czenie roku szkolnego -2019-<em>ngg_shortcode_42_placeholder<\/em><\/p>\n<p>Po\u017cegnanie maturzyst\u00f3w-2019-&nbsp;<em>ngg_shortcode_43_placeholder<\/em><\/p>\n<p>Pierwszy Dzie\u0144 Wiosny-2019-<em>ngg_shortcode_44_placeholder<\/em><\/p>\n<p>,,Walentynkowe s\u0142odko\u015bci&#8221;-konkurs kulinarny&nbsp;<em>ngg_shortcode_45_placeholder<\/em><\/p>\n<p>Jase\u0142ka 2018-&nbsp;<em>ngg_shortcode_46_placeholder<\/em><\/p>\n<p>Miko\u0142ajki 2018-&nbsp;<em>ngg_shortcode_47_placeholder<\/em><\/p>\n<p>Fina\u0142y Powiatu Bytowskiego w dru\u017cynowym tenisie sto\u0142owym-14.11 2018 r.<\/p>\n<p><em>ngg_shortcode_48_placeholder<\/em><\/p>\n<p>Obchody 100-rocznicy Odzyskania przez Polske Niepodleg\u0142o\u015bci-09.11 2018 r.<\/p>\n<p><em>ngg_shortcode_49_placeholder<\/em><\/p>\n<p>XVIII Konkurs Recytatorski Poezji i Prozy Karola Wojty\u0142y-16.10 2018 r.<\/p>\n<p><em>ngg_shortcode_50_placeholder<\/em><\/p>\n<p><em>ngg_shortcode_51_placeholder<\/em><\/p>\n<p>Dzie\u0144 Edukacji Narodowej-12.10 2018 r.<\/p>\n<p><em>ngg_shortcode_52_placeholder<\/em><\/p>\n<p>\u015alubowanie klas pierwszych-27.09 2018 r,<\/p>\n<p><em>ngg_shortcode_53_placeholder<\/em><\/p>\n<p>Rozpocz\u0119cie roku szkolnego 2018\/2019<\/p>\n<p><em>ngg_shortcode_54_placeholder<\/em><\/p>\n<p><em>Zako\u0144czenie roku szkolnego <\/em><\/p>\n<p><em>ngg_shortcode_55_placeholder<\/em><\/p>\n<p>Po\u017cegnanie maturzyst\u00f3w-27.04 2018 r.<\/p>\n<p><em>ngg_shortcode_56_placeholder<\/em><\/p>\n<p>Wizyta go\u015bci z Walsrode w \u0141odzierzy-09-13 04 2018 r.<\/p>\n<p><em>ngg_shortcode_57_placeholder<\/em><\/p>\n<p>Dzie\u0144 J\u0119zyk\u00f3w Obcych-2018 r.<\/p>\n<p><em>ngg_shortcode_58_placeholder<\/em><\/p>\n<p>Dzie\u0144 Otwartej Szko\u0142y -2018 r.<\/p>\n<p><em>ngg_shortcode_59_placeholder<\/em><\/p>\n<p>Jase\u0142ka Bo\u017conarodzeniowe-22.12 2017 r.<\/p>\n<p><em>ngg_shortcode_60_placeholder<\/em><\/p>\n<p>Dzie\u0144 Edukacji Narodowej-13.10.2017 r.<\/p>\n<p><em>ngg_shortcode_61_placeholder<\/em><\/p>\n<p>\u015alubowanie klas pierwszych-28.09 2017 r.<\/p>\n<p><em>ngg_shortcode_62_placeholder<\/em><\/p>\n<p>Rozpocz\u0119cie roku szkolnego 2017-2018- 04.09 2017 r.<\/p>\n<p><em>ngg_shortcode_63_placeholder<\/em><\/p>\n<p>Turniej LAN \u0141odzierz-03.06 2017 r.<\/p>\n<p><em>ngg_shortcode_64_placeholder<\/em><\/p>\n<p>Po\u017cegnanie maturzyst\u00f3w-28.04 2017 r.<\/p>\n<p><em>ngg_shortcode_65_placeholder<\/em><\/p>\n<p>II Powiatowe Targi Edukacji i Pracy-24.03 2017 r.<\/p>\n<p><em>ngg_shortcode_66_placeholder<\/em><\/p>\n<p>Ferie na sportowo 2017-XXII Turniej Pi\u0142ki No\u017cnej Ch\u0142opc\u00f3w Szk\u00f3\u0142 Gimnazjalnych<\/p>\n<p><em>ngg_shortcode_67_placeholder<\/em><\/p>\n<p>Mistrzostwa Powiatu Bytowskiego w tenisie sto\u0142owym- Licealiada-11.01 2017 r.<\/p>\n<p><em>ngg_shortcode_68_placeholder<\/em><\/p>\n<p>Konkurs Recytatorki Poezji i Prozy Karola Wojty\u0142y-18.10 2016 r.<\/p>\n<p><em>ngg_shortcode_69_placeholder<\/em><\/p>\n<p>Dzie\u0144 Edukacji Naodowej-13.10 2016 r.<\/p>\n<p><em>ngg_shortcode_70_placeholder<\/em><\/p>\n<p>\u015alubowanie pierwszoklasist\u00f3w-29.09 2016 r.<\/p>\n<p><em>ngg_shortcode_71_placeholder<\/em><\/p>\n<p>Uroczyste rozpocz\u0119cie roku szkolnego 2016\/2017<\/p>\n<p><em>ngg_shortcode_72_placeholder<\/em><\/p>\n<p>Uroczysto\u015b\u0107 zako\u0144czenia roku szkolnego 2015\/2016-24.06 2016 r.<\/p>\n<p><em>ngg_shortcode_73_placeholder<\/em><\/p>\n<p>Zaj\u0119cia z wychowania fizycznego na boisku szkolnym-maj 2016<\/p>\n<p><em>ngg_shortcode_74_placeholder<\/em><\/p>\n<p>Dzie\u0144 wiosny-2016<\/p>\n<p><em>ngg_shortcode_75_placeholder<\/em><\/p>\n<p>Warsztaty kulinarne z Ludwik\u0105 D\u0105browsk\u0105 uczestniczk\u0105 Masterchefa-08.03 2016 r.<\/p>\n<p><em>ngg_shortcode_76_placeholder<\/em><\/p>\n<p>Otwarcie boiska wielofunkcyjnego<\/p>\n<p><em>ngg_shortcode_77_placeholder<\/em><\/p>\n<p>Jubileusz 50 lecia szko\u0142y-09.10 2015<\/p>\n<p><em>ngg_shortcode_78_placeholder<\/em><\/p>\n<p>Rozpo\u0107z\u0119cie roku szkolnego 2015\/2016<\/p>\n<p><em>ngg_shortcode_79_placeholder<\/em><\/p>\n<p>Zako\u0144czenie roku szkolnego 2014\/2015<\/p>\n<p><em>ngg_shortcode_80_placeholder<\/em><\/p>\n<p>\u0106wiczenia przeciwpo\u017carowe w \u0141odzierzy-29.05 2015 r.<\/p>\n<p><em>ngg_shortcode_81_placeholder<\/em><\/p>\n<p>Matura 2015-egzamin maturalny z matematyki<\/p>\n<p><em>ngg_shortcode_82_placeholder<\/em><\/p>\n<p>Po\u017cegnanie maturzyst\u00f3w ZSP w \u0141odzierzy-24.04 2015<\/p>\n<p><em>ngg_shortcode_83_placeholder<\/em><\/p>\n<p>Foto szko\u0142y z drona<\/p>\n<p><em>ngg_shortcode_84_placeholder<\/em><\/p>\n<p>Studni\u00f3wka 2015-31.01 2015 r.<\/p>\n<p><em>ngg_shortcode_85_placeholder<\/em><\/p>\n<p>Wycieczka do Szymbarku z m\u0142odzie\u017c\u0105 z Ukrainy-24.10 2014 r.<\/p>\n<p><em>ngg_shortcode_86_placeholder<\/em><\/p>\n<p>XIV Konkurs Recytatorski Poezji i Prozy Karola Wojty\u0142y-16.10. 2014 r.<\/p>\n<p><em>ngg_shortcode_87_placeholder<\/em><\/p>\n<p>Dzie\u0144 Edukacji Narodowej-13.10 2014 r.<\/p>\n<p><em>ngg_shortcode_88_placeholder<\/em><\/p>\n<p>Koncert zespo\u0142u Eney-Nie\u0107pa 2014<\/p>\n<p><em>ngg_shortcode_89_placeholder<\/em><\/p>\n<p>\u015alubowanie klas pierwszych-25.09 2014 r.<\/p>\n<p><em>ngg_shortcode_90_placeholder<\/em><\/p>\n<p>Rozpocz\u0119cie roku szkolnego-1 wrzesie\u0144 2014<\/p>\n<p><em>ngg_shortcode_91_placeholder<\/em><\/p>\n<p>Zako\u0144czenie roku szkolnego 2013\/2014-27.06 2014<\/p>\n<p><em>ngg_shortcode_92_placeholder<\/em><\/p>\n<p>Wizyta m\u0142odziezy z Walsrode w \u0141odzierzy-czerwiec 2014<\/p>\n<p><em>ngg_shortcode_93_placeholder<\/em><\/p>\n<p>Uroczysto\u015b\u0107 po\u017cegnania maturzyst\u00f3w -25.04 2014 r.<\/p>\n<p><em>ngg_shortcode_94_placeholder<\/em><\/p>\n<p>Akcja sprz\u0105tania Miastka-11.04 2014<\/p>\n<p><em>ngg_shortcode_95_placeholder<\/em><\/p>\n<p>Dzie\u0144 J\u0119zyk\u00f3w Obcych w \u0141odzierzy-22.03 2014 r.<\/p>\n<p><em>ngg_shortcode_96_placeholder<\/em><\/p>\n<p>Studni\u00f3wka 2014- Trzcinno 18.01 2014 r.<\/p>\n<p><em>ngg_shortcode_97_placeholder<\/em><\/p>\n<p>\u0106wiczenia laboratoryjne z biologii klasy III b LO na Akademii Pomorskiej w S\u0142upsku<\/p>\n<p><em>ngg_shortcode_98_placeholder<\/em><\/p>\n<p>Studni\u00f3wka 2014-studni\u00f3wka klasy IV technikum obs\u0142ugi turystycznej\/architektury krajobrazu<\/p>\n<p><em>ngg_shortcode_99_placeholder<\/em><\/p>\n<p>Spotkanie op\u0142atkowe Samorz\u0105du Szkolnego 2013<\/p>\n<p><em>ngg_shortcode_100_placeholder<\/em><\/p>\n<p>Kol\u0119dnicy w \u0141odzierz-2013<\/p>\n<p><em>ngg_shortcode_101_placeholder<\/em><\/p>\n<p>Konkurs pieczenia ciast kruchych i p\u00f3\u0142kruchych 2013<\/p>\n<p><em>ngg_shortcode_102_placeholder<\/em><\/p>\n<p>VI Powiatowy Konkurs Recytatorski Poezji Adama Mickiewicza<\/p>\n<p><em>ngg_shortcode_103_placeholder<\/em><\/p>\n<p>Miko\u0142ajki w \u0141odzierzy-2013 r.<\/p>\n<p><em>ngg_shortcode_104_placeholder<\/em><\/p>\n<p>Mistrzostwa Powiatu Bytowskiego w tenisie sto\u0142owym dziewcz\u0105t-3.12 2013 r.<\/p>\nngg_shortcode_105_placeholder\n<p>Muffinkowy zawr\u00f3t g\u0142owy<\/p>\nngg_shortcode_106_placeholder\n<p>XIII Konkurs Recytatorski Poezji i Prozy Karola Wojty\u0142y w \u0141odzierzy-16.10 2013 r.<\/p>\nngg_shortcode_107_placeholder\n<p>Powiatowy Dzie\u0144 Edukacji Narodowej w \u0141odzierzy-11.10. 2013 r.<\/p>\nngg_shortcode_108_placeholder\n<p>\u015alubowanie klas pierwszych 26.09 2013 r.<\/p>\nngg_shortcode_109_placeholder\n<p>Wizyta uczni\u00f3w z \u0141odzierzyw Walsrode-wrzesie\u0144 2013<\/p>\nngg_shortcode_110_placeholder\n<p>Rozpocz\u0119cie roku szkolnego 2013\/2014<\/p>\nngg_shortcode_111_placeholder\n<p>Zako\u0144czenie roku szkolnego 2012\/2113 w ZSP w \u0141odzierzy<\/p>\nngg_shortcode_112_placeholder\n<p>Po\u017cegnali\u015bmy maturzyst\u00f3w w \u0141odzierzy-26.04 2013<\/p>\n<p>Oto fotorelacja z uroczysto\u015bci po\u017cegnania&#8230;<\/p>\nngg_shortcode_113_placeholder\n<p>Dzie\u0144 J\u0119zyk\u00f3w Obcych<\/p>\nngg_shortcode_114_placeholder\n","protected":false},"excerpt":{"rendered":"<p>&#8212;&#8212;&#8212;&#8212;&#8212;&#8212;&#8212;&#8212;&#8212;&#8212;&#8212;&#8212;&#8212;&#8212;&#8212;&#8212;&#8212;&#8212;&#8212;&#8212;&#8212;&#8212;&#8212;&#8212;&#8212; Archiwalne foto z \u017cycia szko\u0142y 2006-2009-foto archiwum &#8212;&#8212;&#8212;&#8212;&#8212;&#8212;&#8212;&#8212;&#8212;&#8212;&#8212;&#8212;&#8212;&#8212;&#8212;&#8212;&#8212;&#8212;&#8212;&#8212;&#8212;&#8212;&#8212;&#8212;&#8212; Po\u017cegnanie maturzyst\u00f3w 2026 Dni Otwartej Szko\u0142y 2026 \u015alubowanie i otrzesiny 2024- Powiatowy Dzie\u0144 Edukacji Narodowej w \u0141odzierzy Praktyki na Malcie cz1 -2024&nbsp; Rozpocz\u0119cie roku szkolnego-2024 Zako\u0144czenie roku szkolnego-2024 Po\u017cegnanie absolwent\u00f3w-2024 Dzie\u0144 Otwartej Szko\u0142y-2024 Konkurs nakrywania do sto\u0142u-2024- Jase\u0142ka 2023 \u015awi\u0119to Odzyskania Niepodleg\u0142o\u015b\u0107i-2023 Dzie\u0144 Edukacji Narodowej-2023 Wizyta [&hellip;]<\/p>\n","protected":false},"author":1,"featured_media":0,"parent":8978,"menu_order":1,"comment_status":"closed","ping_status":"closed","template":"","meta":{"ngg_post_thumbnail":0,"footnotes":""},"class_list":["post-8980","page","type-page","status-publish","hentry"],"_links":{"self":[{"href":"https:\/\/lodzierz.pl\/index.php?rest_route=\/wp\/v2\/pages\/8980","targetHints":{"allow":["GET"]}}],"collection":[{"href":"https:\/\/lodzierz.pl\/index.php?rest_route=\/wp\/v2\/pages"}],"about":[{"href":"https:\/\/lodzierz.pl\/index.php?rest_route=\/wp\/v2\/types\/page"}],"author":[{"embeddable":true,"href":"https:\/\/lodzierz.pl\/index.php?rest_route=\/wp\/v2\/users\/1"}],"replies":[{"embeddable":true,"href":"https:\/\/lodzierz.pl\/index.php?rest_route=%2Fwp%2Fv2%2Fcomments&post=8980"}],"version-history":[{"count":103,"href":"https:\/\/lodzierz.pl\/index.php?rest_route=\/wp\/v2\/pages\/8980\/revisions"}],"predecessor-version":[{"id":26357,"href":"https:\/\/lodzierz.pl\/index.php?rest_route=\/wp\/v2\/pages\/8980\/revisions\/26357"}],"up":[{"embeddable":true,"href":"https:\/\/lodzierz.pl\/index.php?rest_route=\/wp\/v2\/pages\/8978"}],"wp:attachment":[{"href":"https:\/\/lodzierz.pl\/index.php?rest_route=%2Fwp%2Fv2%2Fmedia&parent=8980"}],"curies":[{"name":"wp","href":"https:\/\/api.w.org\/{rel}","templated":true}]}}